{"id":2074,"date":"2023-05-26T08:26:41","date_gmt":"2023-05-26T08:26:41","guid":{"rendered":"https:\/\/giuseppetorrisi.es\/?page_id=2074"},"modified":"2023-06-21T09:42:37","modified_gmt":"2023-06-21T09:42:37","slug":"privacy-policy","status":"publish","type":"page","link":"https:\/\/giuseppetorrisi.es\/it\/privacy-policy\/","title":{"rendered":"Privacy Policy"},"content":{"rendered":"<p><span style=\"font-family: Times New Roman, serif;\"><span style=\"color: #374151;\"><span style=\"font-family: Segoe UI, serif;\"><b>Politica sulla privacy di <\/b><\/span><\/span><span style=\"color: #0000ff;\"><u><a href=\"https:\/\/giuseppetorrisi.es\/it\/\" target=\"_new\" rel=\"noopener\"><span style=\"font-family: Segoe UI, serif;\"><b>www.giuseppetorrisi.es<\/b><\/span><\/a><\/u><\/span><\/span><\/p>\n<p><span style=\"font-family: Times New Roman, serif;\"><span style=\"color: #374151;\"><span style=\"font-family: Segoe UI, serif;\">Questa Applicazione raccoglie alcuni Dati Personali dai propri Utenti.<\/span><\/span><\/span><\/p>\n<p><span style=\"font-family: Times New Roman, serif;\"><span style=\"color: #374151;\"><span style=\"font-family: Segoe UI, serif;\">Questo documento pu\u00f2 essere stampato come riferimento utilizzando il comando di stampa nelle impostazioni di qualsiasi browser.<\/span><\/span><\/span><\/p>\n<p><span style=\"font-family: Times New Roman, serif;\"><span style=\"color: #374151;\"><span style=\"font-family: Segoe UI, serif;\">Titolare del Trattamento dei Dati Giuseppe Torrisi, \u2028\u2028Calle Viera y Clavijo 11, piso 1, oficina 15, 35002, Las Palmas de Gran Canaria.<\/span><\/span><span style=\"color: #374151;\"><span style=\"font-family: Segoe UI, serif;\"><span lang=\"es-ES\">, 35002, Las Palmas de Gran Canaria &#8211; NIF: Y3243033R<br \/>\n<\/span><\/span><\/span><\/span><\/p>\n<p>&nbsp;<\/p>\n<p><span style=\"font-family: Times New Roman, serif;\"><span style=\"color: #374151;\"><span style=\"font-family: Segoe UI, serif;\">Email di contatto del titolare: info@giuseppetorrisi.es <\/span><\/span><span style=\"color: #0000ff;\"><u><a href=\"mailto:info@giuseppetorrisi.es\" target=\"_new\" rel=\"noopener\"><span style=\"font-family: Segoe UI, serif;\">info@giuseppetorrisi.es<\/span><\/a><\/u><\/span><\/span><\/p>\n<p><span style=\"font-family: Times New Roman, serif;\"><span style=\"color: #374151;\"><span style=\"font-family: Segoe UI, serif;\"><b>Tipologie di Dati raccolti<\/b><\/span><\/span><\/span><\/p>\n<p><span style=\"font-family: Times New Roman, serif;\"><span style=\"color: #374151;\"><span style=\"font-family: Segoe UI, serif;\">Tra le tipologie di Dati Personali che questa Applicazione raccoglie, autonomamente o tramite terze parti, vi sono: nome; cognome; indirizzo email. I dettagli completi su ciascuna tipologia di Dati Personali raccolti sono forniti nelle sezioni dedicate di questa informativa sulla privacy o mediante testi di spiegazione specifici visualizzati prima della raccolta dei Dati.\u2028I Dati Personali possono essere liberamente forniti dall'Utente o, nel caso dei Dati di Utilizzo, raccolti automaticamente durante l'utilizzo di questa Applicazione.\u2028Salvo diversa indicazione, tutti i Dati richiesti da questa Applicazione sono necessari e il mancato conferimento di tali Dati pu\u00f2 rendere impossibile la fornitura dei servizi da parte dell'Applicazione stessa. Nei casi in cui questa Applicazione indichi specificamente che alcuni Dati non sono obbligatori, gli Utenti sono liberi di non comunicare tali Dati senza che ci\u00f2 abbia conseguenze sulla disponibilit\u00e0 o sul funzionamento del Servizio.\u2028Gli Utenti che hanno dubbi su quali Dati Personali siano obbligatori sono invitati a contattare il Titolare.\u2028L'eventuale utilizzo di Cookie o di altri strumenti di tracciamento da parte di questa Applicazione o dei titolari dei servizi terzi utilizzati da questa Applicazione, ove non diversamente precisato, ha la finalit\u00e0 di fornire il Servizio richiesto dall'Utente, oltre alle ulteriori finalit\u00e0 descritte nel presente documento e nella Cookie Policy, se disponibili. Gli Utenti sono responsabili dei Dati Personali di terzi ottenuti, pubblicati o condivisi mediante questa Applicazione e confermano di avere il consenso della terza parte a fornire i Dati al Titolare. <\/span><\/span><span style=\"color: #374151;\"><span style=\"font-family: Segoe UI, serif;\"><span lang=\"es-ES\">necesarios<\/span><\/span><\/span><span style=\"color: #374151;\"><span style=\"font-family: Segoe UI, serif;\"> y no proporcionar estos datos puede hacer que esta aplicaci\u00f3n no pueda prestar sus servicios. En los casos en que esta aplicaci\u00f3n especifique expresamente que algunos datos no son obligatorios, los usuarios son libres de no comunicar estos datos sin que ello tenga consecuencias para la disponibilidad o el funcionamiento del servicio. Los usuarios que no est\u00e9n seguros de qu\u00e9 datos personales son obligatorios pueden ponerse en contacto con el propietario. Cualquier uso de cookies u otras herramientas de seguimiento por parte de esta aplicaci\u00f3n o por parte de los propietarios de servicios de terceros utilizados por esta aplicaci\u00f3n tiene como finalidad proporcionar el servicio solicitado por el usuario, adem\u00e1s de cualquier otro fin descrito en el presente documento y en la pol\u00edtica de cookies, si est\u00e1 disponible. Los usuarios son responsables de cualquier dato personal de terceros obtenido, publicado o compartido a trav\u00e9s de esta aplicaci\u00f3n y confirman que tienen el consentimiento de terceros para proporcionar los datos al propietario.<\/span><\/span><\/span><\/p>\n<p><span style=\"color: #374151;\"><span style=\"font-family: Segoe UI, serif;\"><b>Modalit\u00e0 e luogo del trattamento dei dati<\/b><\/span><\/span><\/p>\n<p><span style=\"color: #374151;\"><span style=\"font-family: Segoe UI, serif;\"><b>Modalit\u00e0 di trattamento<\/b><\/span><\/span><\/p>\n<p><span style=\"color: #374151;\"><span style=\"font-family: Segoe UI, serif;\">Il Titolare adotta le opportune misure di sicurezza per impedire l'accesso non autorizzato, la divulgazione, la modifica o la distruzione non autorizzata dei Dati.\u2028 Il trattamento dei Dati viene effettuato mediante computer e\/o strumenti informatici, seguendo procedure organizzative e modalit\u00e0 strettamente correlate alle finalit\u00e0 indicate. Oltre al Titolare, in alcuni casi, potrebbero avere accesso ai Dati altri soggetti coinvolti nell'organizzazione di questa Applicazione (personale amministrativo, commerciale, marketing, legale, amministratori di sistema) ovvero soggetti esterni (come fornitori di servizi tecnici terzi, corrieri postali, hosting provider, aziende informatiche, agenzie di comunicazione) nominati anche, se necessario, Responsabili del Trattamento da parte del Titolare. L'elenco aggiornato di questi soggetti pu\u00f2 essere richiesto al Titolare in qualsiasi momento.<\/span><\/span><\/p>\n<p><span style=\"color: #374151;\"><span style=\"font-family: Segoe UI, serif;\"><b>Base giuridica del trattamento<\/b><\/span><\/span><\/p>\n<p><span style=\"color: #374151;\"><span style=\"font-family: Segoe UI, serif;\">Il Titolare pu\u00f2 trattare i Dati Personali relativi agli Utenti se sussiste almeno una delle seguenti condizioni:<\/span><\/span><\/p>\n<ul>\n<li><span style=\"color: #374151;\"><span style=\"font-family: Segoe UI, serif;\">Los usuarios han dado su consentimiento para uno o m\u00e1s fines espec\u00edficos. <\/span><\/span><\/li>\n<li><span style=\"color: #374151;\"><span style=\"font-family: Segoe UI, serif;\">La provisi\u00f3n de datos es necesaria para la ejecuci\u00f3n de un contrato con el usuario y\/o para cualquier obligaci\u00f3n precontractual relacionada.<\/span><\/span><\/li>\n<li><span style=\"color: #374151;\"><span style=\"font-family: Segoe UI, serif;\">El procesamiento es necesario para el cumplimiento de una obligaci\u00f3n legal a la que est\u00e1 sujeto el titular.<\/span><\/span><\/li>\n<li><span style=\"color: #374151;\"><span style=\"font-family: Segoe UI, serif;\">El procesamiento est\u00e1 relacionado con una tarea que se lleva a cabo en inter\u00e9s p\u00fablico o en el ejercicio de la autoridad oficial conferida al titular.<\/span><\/span><\/li>\n<li><span style=\"color: #374151;\"><span style=\"font-family: Segoe UI, serif;\">El procesamiento es necesario para los fines de los intereses leg\u00edtimos perseguidos por el titular o por un tercero. En cualquier caso, el titular estar\u00e1 encantado de ayudar a aclarar la base legal espec\u00edfica que se aplica al procesamiento, y en particular si la provisi\u00f3n de datos personales es un requisito legal o contractual, o un requisito necesario para celebrar un contrato.<\/span><\/span><\/li>\n<\/ul>\n<p><span style=\"color: #374151;\"><span style=\"font-family: Segoe UI, serif;\"><b>Luogo<\/b><\/span><\/span><\/p>\n<p><span style=\"color: #374151;\"><span style=\"font-family: Segoe UI, serif;\">I Dati sono trattati presso le sedi operative del Titolare e in ogni altro luogo in cui le parti coinvolte nel trattamento siano localizzate.<br \/>\n<\/span><\/span><span style=\"color: #374151;\"><span style=\"font-family: Segoe UI, serif;\">A seconda della localit\u00e0 dell'Utente, i trasferimenti di dati possono comportare il trasferimento dei Dati dell'Utente in un paese diverso dal proprio. Per ottenere ulteriori informazioni sul luogo di trattamento di tali Dati trasferiti, gli Utenti possono consultare la sezione che contiene dettagli sul trattamento dei Dati Personali<br \/>\n<\/span><\/span><span style=\"color: #374151;\"><span style=\"font-family: Segoe UI, serif;\">Gli Utenti hanno anche il diritto di conoscere la base giuridica dei trasferimenti di Dati in un paese al di fuori dell'Unione Europea o in un'organizzazione internazionale disciplinata dal diritto internazionale pubblico o istituita da due o pi\u00f9 paesi, come l'ONU, nonch\u00e9 le misure di sicurezza adottate dal Titolare per proteggere i loro Dati<br \/>\n<\/span><\/span><span style=\"color: #374151;\"><span style=\"font-family: Segoe UI, serif;\">Se avviene un qualsiasi trasferimento di questo tipo, gli Utenti possono ottenere ulteriori informazioni consultando le sezioni pertinenti di questo documento o chiedendo al Titolare utilizzando le informazioni fornite nella sezione dei contatti. Periodo di conservazione I Dati Personali saranno trattati e conservati per il tempo necessario allo svolgimento delle finalit\u00e0 per cui sono stati raccolti. Pertanto:<\/span><\/span><\/p>\n<p><span style=\"color: #374151;\"><span style=\"font-family: Segoe UI, serif;\"><b>Tempo di ritenzione<\/b><\/span><\/span><\/p>\n<p><span style=\"color: #374151;\"><span style=\"font-family: Segoe UI, serif;\">I dati personali vengono elaborati e archiviati durante il tempo necessario per il completamento delle multe per il recupero.<\/span><\/span><\/p>\n<p><span style=\"color: #374151;\"><span style=\"font-family: Segoe UI, serif;\">Perci\u00f2:<\/span><\/span><\/p>\n<ul>\n<li><span style=\"color: #374151;\"><span style=\"font-family: Segoe UI, serif;\">I Dati Personali raccolti per finalit\u00e0 connesse all'esecuzione di un contratto tra il Titolare e l'Utente saranno trattenuti sino a quando il contratto stesso sar\u00e0 stato integralmente adempiuto.<\/span><\/span><\/li>\n<li><span style=\"color: #374151;\"><span style=\"font-family: Segoe UI, serif;\">I Dati Personali raccolti per finalit\u00e0 riconducibili all'interesse legittimo del Titolare saranno trattenuti finch\u00e9 sar\u00e0 necessario per realizzare tali finalit\u00e0. Gli Utenti possono ottenere ulteriori informazioni circa l'interesse legittimo perseguito dal Titolare all'interno delle relative sezioni di questo documento o contattando il Titolare.<\/span><\/span><\/li>\n<\/ul>\n<p><span style=\"color: #374151;\"><span style=\"font-family: Segoe UI, serif;\">Il Titolare potrebbe essere autorizzato a conservare i Dati Personali per un periodo pi\u00f9 lungo ogni volta che l'Utente ha prestato il consenso a tale trattamento, fintanto che tale consenso non sia revocato.<\/span><\/span><\/p>\n<p><span style=\"color: #374151;\"><span style=\"font-family: Segoe UI, serif;\">Inoltre, il Titolare potrebbe essere obbligato a conservare i Dati Personali per un periodo pi\u00f9 lungo ogni volta che ci\u00f2 sia richiesto per l'adempimento di un obbligo legale o per disposizione di un'autorit\u00e0.\u2028\u2028Una volta scaduto il periodo di conservazione, i Dati Personali saranno cancellati. Pertanto, i diritti di accesso, cancellazione, rettifica e portabilit\u00e0 dei Dati non potranno essere esercitati dopo la scadenza del periodo di conservazione.<\/span><\/span><\/p>\n<p><span style=\"color: #374151;\"><span style=\"font-family: Segoe UI, serif;\"><b>Finalit\u00e0 del trattamento<\/b><\/span><\/span><\/p>\n<p><span style=\"color: #374151;\"><span style=\"font-family: Segoe UI, serif;\">I Dati relativi all'Utente vengono raccolti per consentire al Titolare di fornire il proprio Servizio, adempiere agli obblighi di legge, rispondere alle richieste di applicazione delle leggi, proteggere i propri diritti e interessi (o quelli degli Utenti o di terzi), individuare attivit\u00e0 dannose o fraudolente, nonch\u00e9 per le seguenti finalit\u00e0: contattare l'Utente.<\/span><\/span><span style=\"color: #374151;\"><span style=\"font-family: Segoe UI, serif;\"><span lang=\"es-ES\">ar<\/span><\/span><\/span><span style=\"color: #374151;\"><span style=\"font-family: Segoe UI, serif;\"> con el usuario.<\/span><\/span><\/p>\n<p><span style=\"color: #374151;\"><span style=\"font-family: Segoe UI, serif;\">Per informazioni pi\u00f9 dettagliate sui Dati Personali utilizzati per ciascuna finalit\u00e0, l'Utente pu\u00f2 fare riferimento alla sezione \"Informazioni dettagliate sul trattamento dei Dati Personali\".<\/span><\/span><\/p>\n<p><span style=\"color: #374151;\"><span style=\"font-family: Segoe UI, serif;\">Informativa dettagliata sul trattamento dei dati personali<\/span><\/span><\/p>\n<p><span style=\"color: #374151;\"><span style=\"font-family: Segoe UI, serif;\">Se recuperi i dati personali per le seguenti finalit\u00e0 ed utilizzando i seguenti servizi:<\/span><\/span><\/p>\n<ul>\n<li><span style=\"color: #374151;\"><span style=\"font-family: Segoe UI, serif;\">Contattare l'Utente \u2028Modulo di contatto (questa Applicazione) \u2028Compilando il modulo di contatto con i propri Dati, l'Utente autorizza questa Applicazione ad utilizzare tali dettagli per rispondere alle richieste di informazioni, preventivi o di qualsiasi altra natura indicate nell'intestazione del modulo. \u2028Dati Personali trattati: indirizzo email; nome; cognome.\u2028\u2028<\/span><\/span><\/li>\n<\/ul>\n<p><span style=\"color: #374151;\"><span style=\"font-family: Segoe UI, serif;\"><b>I diritti degli Utenti<\/b><\/span><\/span><\/p>\n<p><span style=\"color: #374151;\"><span style=\"font-family: Segoe UI, serif;\">Gli Utenti possono esercitare alcuni diritti riguardo ai propri Dati trattati dal Titolare.<\/span><\/span><\/p>\n<p><span style=\"color: #374151;\"><span style=\"font-family: Segoe UI, serif;\">In particolare, gli Utenti hanno il diritto di fare quanto segue, nella misura in cui ci\u00f2 sia consentito dalla legge:<\/span><\/span><\/p>\n<ul>\n<li><span style=\"color: #374151;\"><span style=\"font-family: Segoe UI, serif;\">Revocare il proprio consenso in qualsiasi momento. Gli Utenti hanno il diritto di revocare il consenso qualora abbiano prestato in precedenza il loro consenso al trattamento dei propri Dati Personali.<\/span><\/span><\/li>\n<li><span style=\"color: #374151;\"><span style=\"font-family: Segoe UI, serif;\">Opporsi al trattamento dei propri Dati. Gli Utenti hanno il diritto di opporsi al trattamento dei propri Dati qualora il trattamento sia effettuato su una base giuridica diversa dal consenso. Ulteriori dettagli sono forniti nella sezione dedicata di seguito.<\/span><\/span><\/li>\n<li><span style=\"color: #374151;\"><span style=\"font-family: Segoe UI, serif;\">Accedere ai propri Dati. Gli Utenti hanno il diritto di sapere se i Dati sono oggetto di trattamento da parte del Titolare, ottenere informazioni in merito a determinati aspetti del trattamento e ottenere una copia dei Dati in fase di trattamento.<\/span><\/span><\/li>\n<li><span style=\"color: #374151;\"><span style=\"font-family: Segoe UI, serif;\">Verificare e ottenere rettifica. Gli Utenti hanno il diritto di verificare l'esattezza dei propri Dati e chiederne l'aggiornamento o la correzione.<\/span><\/span><\/li>\n<li><span style=\"color: #374151;\"><span style=\"font-family: Segoe UI, serif;\">Limitare il trattamento dei propri Dati. Gli Utenti hanno il diritto di limitare il trattamento dei propri Dati. In tal caso, il Titolare non tratter\u00e0 i Dati per nessuna altra finalit\u00e0 diversa dalla loro conservazione.<\/span><\/span><\/li>\n<li><span style=\"color: #374151;\"><span style=\"font-family: Segoe UI, serif;\">Ottenere la cancellazione o rimozione dei propri Dati Personali. Gli Utenti hanno il diritto di ottenere la cancellazione dei propri Dati dal Titolare.<\/span><\/span><\/li>\n<li><span style=\"color: #374151;\"><span style=\"font-family: Segoe UI, serif;\">Ricevere i propri Dati e trasferirli a un altro titolare del trattamento. Gli Utenti hanno il diritto di ricevere i propri Dati in un formato strutturato, di uso comune e leggibile da dispositivo automatico e, se tecnicamente fattibile, di ottenerne il trasferimento a un altro titolare del trattamento senza impedimenti.<\/span><\/span><\/li>\n<li><span style=\"color: #374151;\"><span style=\"font-family: Segoe UI, serif;\">Presentare reclamo. Gli Utenti hanno il diritto di proporre reclamo presso l'autorit\u00e0 di controllo competente in materia di protezione dei dati.<\/span><\/span><\/li>\n<\/ul>\n<p><span style=\"color: #374151;\"><span style=\"font-family: Segoe UI, serif;\"><b>Dettagli sul diritto di opporsi al trattamento<\/b><\/span><\/span><\/p>\n<p><span style=\"color: #374151;\"><span style=\"font-family: Segoe UI, serif;\">Qualora i Dati Personali siano trattati per un interesse pubblico, nell'esercizio di un'autorit\u00e0 pubblica conferita al Titolare o per il perseguimento di interessi legittimi del Titolare, gli Utenti possono opporsi a tale trattamento fornendo una motivazione legata alla propria situazione particolare. Gli Utenti devono essere consapevoli che, tuttavia, qualora i loro Dati Personali siano trattati per finalit\u00e0 di marketing diretto, possono opporsi a tale trattamento in qualsiasi momento, gratuitamente e senza fornire alcuna motivazione. Qualora l'Utente si opponga al trattamento per finalit\u00e0 di marketing diretto, i Dati Personali non saranno pi\u00f9 trattati per tali scopi. Per sapere se il Titolare tratta i Dati Personali per finalit\u00e0 di marketing diretto, gli Utenti possono fare riferimento alle sezioni pertinenti di questo documento.<\/span><\/span><\/p>\n<p><span style=\"color: #374151;\"><span style=\"font-family: Segoe UI, serif;\">Los usuarios deben saber que, sin embargo, si sus datos personales se procesan con fines de marketing directo, pueden oponerse a dicho procesamiento en cualquier momento, de forma gratuita y sin proporcionar ninguna justificaci\u00f3n. Si el usuario se opone al procesamiento con fines de marketing directo, los datos personales ya no se procesar\u00e1n para dichos fines. Para saber si el titular est\u00e1 procesando datos personales con fines de marketing directo, los usuarios pueden consultar las secciones relevantes de este documento.<\/span><\/span><\/p>\n<p><span style=\"color: #374151;\"><span style=\"font-family: Segoe UI, serif;\"><b>Come esercitare questi diritti<\/b><\/span><\/span><\/p>\n<p><span style=\"color: #374151;\"><span style=\"font-family: Segoe UI, serif;\">Eventuali richieste per esercitare i diritti degli Utenti possono essere rivolte al Titolare attraverso i dettagli di contatto forniti in questo documento attraverso posta ordinaria o posta elettronica all\u2019indirizzo info@giuseppetorrisi.es. Queste richieste possono essere esercitate gratuitamente e il Titolare risponder\u00e0 al pi\u00f9 presto possibile e comunque entro un mese, fornendo agli Utenti le informazioni richieste dalla legge. Qualsiasi rettifica o cancellazione dei Dati Personali o limitazione del trattamento sar\u00e0 comunicata dal Titolare a ciascun destinatario, se del caso, ai quali i Dati Personali sono stati comunicati, a meno che ci\u00f2 si riveli impossibile o comporti uno sforzo sproporzionato. Su richiesta degli Utenti, il Titolare fornir\u00e0 informazioni su tali destinatari.<\/span><\/span><span style=\"color: #374151;\"><span style=\"font-family: Segoe UI, serif;\"><span lang=\"es-ES\">, atraves de correo postal o correo electr\u00f3nico info@giuseppetorrisi.es <\/span><\/span><\/span><span style=\"color: #374151;\"><span style=\"font-family: Segoe UI, serif;\">. Estas solicitudes se pueden ejercer de forma gratuita y el titular las responder\u00e1 lo antes posible y siempre dentro de un mes, proporcionando a los usuarios la informaci\u00f3n requerida por ley. Cualquier rectificaci\u00f3n o eliminaci\u00f3n de datos personales o restricci\u00f3n de procesamiento ser\u00e1 comunicada por el titular a cada destinatario, si corresponde, a quien se hayan revelado los datos personales, a menos que esto resulte imposible o implique un esfuerzo desproporcionado. A petici\u00f3n del usuario, el titular les informar\u00e1 sobre esos destinatarios.<\/span><\/span><\/p>\n<p><span style=\"color: #374151;\"><span style=\"font-family: Segoe UI, serif;\"><b>Informazioni aggiuntive sulla raccolta e il trattamento dei Dati<\/b><\/span><\/span><\/p>\n<p><span style=\"color: #374151;\"><span style=\"font-family: Segoe UI, serif;\">Azioni legali I Dati Personali dell'Utente possono essere utilizzati per difendere i diritti del Titolare in sede giudiziaria o nelle fasi preparatorie alla possibile azione legale derivante dall'uso improprio di questa Applicazione o dei relativi servizi. L'Utente dichiara di essere consapevole che il Titolare potrebbe essere tenuto a rivelare i dati personali su richiesta delle autorit\u00e0 pubbliche.\nInformazioni aggiuntive sui Dati Personali dell'Utente Oltre alle informazioni contenute in questa informativa sulla privacy, questa Applicazione pu\u00f2 fornire all'Utente informazioni aggiuntive e contestuali sui servizi specifici o la raccolta e il trattamento dei Dati Personali su richiesta.<\/span><\/span><\/p>\n<p><span style=\"color: #374151;\"><span style=\"font-family: Segoe UI, serif;\">Informaci\u00f3n adicional sobre los datos personales del usuario Adem\u00e1s de la informaci\u00f3n contenida en esta pol\u00edtica de privacidad, esta aplicaci\u00f3n puede proporcionar al usuario informaci\u00f3n adicional y contextual sobre servicios espec\u00edficos o la recopilaci\u00f3n y el procesamiento de datos personales, previa solicitud.<\/span><\/span><\/p>\n<p><span style=\"color: #374151;\"><span style=\"font-family: Segoe UI, serif;\">Registros del sistema y mantenimiento Con fines de operaci\u00f3n y mantenimiento, esta aplicaci\u00f3n y cualquier servicio de terceros pueden recopilar archivos que registran la interacci\u00f3n con esta aplicaci\u00f3n (registros del sistema) o utilizar otros datos personales (como la direcci\u00f3n IP) con este prop\u00f3sito.<\/span><\/span><\/p>\n<p><span style=\"color: #374151;\"><span style=\"font-family: Segoe UI, serif;\"><b>Log di sistema e manutenzione<\/b><\/span><\/span><\/p>\n<p><span style=\"color: #374151;\"> <span style=\"font-family: Segoe UI, serif;\">A fini operativi e di manutenzione, questa Applicazione e eventuali servizi di terze parti possono raccogliere file che registrano l'interazione con questa Applicazione (log di sistema) o utilizzare altri Dati Personali (come l'indirizzo IP) a tale scopo.\nInformazioni non contenute in questa policy\n Ulteriori dettagli sulle modalit\u00e0 di raccolta e trattamento dei Dati Personali possono essere richiesti in qualsiasi momento al Titolare. Si prega di consultare le informazioni di contatto all'inizio di questo documento.\nGestione delle richieste \"Do Not Track\" Questa Applicazione non supporta le richieste \"Do Not Track\". Per determinare se alcuni dei servizi di terze parti utilizzati rispettano le richieste \"Do Not Track\", si prega di leggere le loro politiche sulla privacy.<\/span><\/span><\/p>\n<p><span style=\"color: #374151;\"><span style=\"font-family: Segoe UI, serif;\">C\u00f3mo se manejan las solicitudes de &#8220;No rastrear&#8221; Esta aplicaci\u00f3n no admite solicitudes de &#8220;No rastrear&#8221;. Para determinar si alguno de los servicios de terceros que utiliza cumple con las solicitudes de &#8220;No rastrear&#8221;, consulte sus pol\u00edticas de privacidad.<\/span><\/span><\/p>\n<p><span style=\"color: #374151;\"><span style=\"font-family: Segoe UI, serif;\"><b>Modifiche a questa informativa sulla privacy<\/b><\/span><\/span><\/p>\n<p><span style=\"color: #374151;\"> <span style=\"font-family: Segoe UI, serif;\">Il Titolare si riserva il diritto di apportare modifiche a questa informativa sulla privacy in qualsiasi momento, notificando gli Utenti su questa pagina e eventualmente all'interno di questa Applicazione e\/o, per quanto tecnicamente e legalmente fattibile, inviando una comunicazione agli Utenti tramite le informazioni di contatto disponibili per il Titolare. Si consiglia vivamente di consultare questa pagina spesso, facendo riferimento alla data dell'ultima modifica indicata in fondo. Nel caso in cui le modifiche riguardino attivit\u00e0 di trattamento effettuate sulla base del consenso dell'Utente, il Titolare raccoglier\u00e0 un nuovo consenso dall'Utente, ove richiesto.<\/span><\/span><\/p>\n<p><span style=\"color: #374151;\"><span style=\"font-family: Segoe UI, serif;\"><b>Definizioni e riferimenti legali Dati Personali (o Dati)<\/b><\/span><\/span><\/p>\n<p><span style=\"color: #374151;\"> <span style=\"font-family: Segoe UI, serif;\">Costituisce dato personale qualunque informazione relativa a persona fisica, identificata o identificabile, anche indirettamente, mediante riferimento a qualsiasi altra informazione, ivi compreso un numero di identificazione personale.<\/span><\/span><\/p>\n<p><span style=\"color: #374151;\"><span style=\"font-family: Segoe UI, serif;\"><b>Dati di Utilizzo <\/b><\/span><\/span><\/p>\n<p><span style=\"color: #374151;\"><span style=\"font-family: Segoe UI, serif;\">Sono le informazioni raccolte automaticamente attraverso questa Applicazione (o servizi di terze parti impiegati da questa Applicazione), che possono includere: gli indirizzi IP o i nomi a dominio dei computer utilizzati dagli Utenti che utilizzano questa Applicazione, gli indirizzi in notazione URI (Uniform Resource Identifier), l'orario della richiesta, il metodo utilizzato nell'inoltrare la richiesta al server, la dimensione del file ottenuto in risposta, il codice numerico indicante lo stato della risposta dal server (buon fine, errore, ecc.), il paese di provenienza, le caratteristiche del browser e del sistema operativo utilizzati dal visitatore, le varie connotazioni temporali della visita (ad esempio il tempo di permanenza su ciascuna pagina) e i dettagli relativi all'itinerario seguito all'interno dell'Applicazione, con particolare riferimento alla sequenza delle pagine consultate, ai parametri relativi al sistema operativo e all'ambiente informatico dell'Utente.<\/span><\/span><\/p>\n<p><span style=\"color: #374151;\"><span style=\"font-family: Segoe UI, serif;\"><b>Utente <\/b><\/span><\/span><\/p>\n<p><span style=\"color: #374151;\"><span style=\"font-family: Segoe UI, serif;\">L'individuo che utilizza questa Applicazione, salvo ove diversamente specificato, coincide con l'Interessato.<\/span><\/span><\/p>\n<p><span style=\"color: #374151;\"><span style=\"font-family: Segoe UI, serif;\"><b>Titolare dei dati <\/b><\/span><\/span><\/p>\n<p><span style=\"color: #374151;\"><span style=\"font-family: Segoe UI, serif;\">La persona fisica o giuridica, autorit\u00e0 pubblica, agenzia o altro organismo che elabora i Dati Personali per conto del Titolare del Trattamento, come descritto nella presente politica sulla privacy.<\/span><\/span><\/p>\n<p><span style=\"color: #374151;\"><span style=\"font-family: Segoe UI, serif;\">&#8220;<\/span><\/span><span style=\"color: #374151;\"><span style=\"font-family: Segoe UI, serif;\"><b>Titolare del Trattamento (o Titolare)<\/b><\/span><\/span><\/p>\n<p><span style=\"color: #374151;\"><span style=\"font-family: Segoe UI, serif;\">La persona fisica o giuridica, autorit\u00e0 pubblica, agenzia o altro organismo che, da solo o insieme ad altri, determina le finalit\u00e0 e i mezzi del trattamento dei Dati Personali, comprese le misure di sicurezza relative al funzionamento e uso di questa Applicazione. Il Titolare del Trattamento, salvo diversa specificazione, \u00e8 il proprietario di questa Applicazione.<\/span><\/span><\/p>\n<p><span style=\"color: #374151;\"><span style=\"font-family: Segoe UI, serif;\"><b>Questa Applicazione <\/b><\/span><\/span><\/p>\n<p><span style=\"color: #374151;\"><span style=\"font-family: Segoe UI, serif;\">Lo strumento hardware o software mediante il quale sono raccolti e trattati i Dati Personali degli Utenti.<\/span><\/span><\/p>\n<p><span style=\"color: #374151;\"><span style=\"font-family: Segoe UI, serif;\"><b>Servizio <\/b><\/span><\/span><\/p>\n<p><span style=\"color: #374151;\"><span style=\"font-family: Segoe UI, serif;\">Il Servizio fornito da questa Applicazione cos\u00ec come definito nei relativi termini (se presenti) su questo sito\/applicazione.<\/span><\/span><\/p>\n<p><span style=\"color: #374151;\"><span style=\"font-family: Segoe UI, serif;\"><b>Unione Europea (o UE) <\/b><\/span><\/span><\/p>\n<p><span style=\"color: #374151;\"><span style=\"font-family: Segoe UI, serif;\">Salvo ove diversamente specificato, ogni riferimento all'Unione Europea contenuto in questo documento si intende esteso a tutti gli attuali stati membri dell'Unione Europea e dello Spazio Economico Europeo.<\/span><\/span><\/p>\n<p><span style=\"color: #374151;\"><span style=\"font-family: Segoe UI, serif;\"><b>Informazioni legali <\/b><\/span><\/span><\/p>\n<p><span style=\"color: #374151;\"><span style=\"font-family: Segoe UI, serif;\">La presente informativa sulla privacy \u00e8 redatta sulla base di disposizioni di diverse legislazioni, inclusi gli artt. 13 e 14 del Regolamento (UE) 2016\/679 (Regolamento generale sulla protezione dei dati). Questa informativa sulla privacy riguarda esclusivamente questa Applicazione, se non diversamente specificato in questo documento.<\/span><\/span><\/p>","protected":false},"excerpt":{"rendered":"<p>Pol\u00edtica de privacidad de www.giuseppetorrisi.es Esta aplicaci\u00f3n recopila algunos datos personales de sus usuarios. Este documento se puede imprimir como referencia utilizando el comando de impresi\u00f3n en la configuraci\u00f3n de cualquier navegador. Propietario y controlador de datos Giuseppe Torrisi Calle Viera y Clavijo 11, piso 1, oficina 15, 35002, Las Palmas de Gran Canaria &#8211; [&hellip;]<\/p>","protected":false},"author":1,"featured_media":0,"parent":0,"menu_order":0,"comment_status":"closed","ping_status":"closed","template":"","meta":{"_et_pb_use_builder":"","_et_pb_old_content":"","_et_gb_content_width":""},"yoast_head":"<!-- This site is optimized with the Yoast SEO plugin v20.8 - https:\/\/yoast.com\/wordpress\/plugins\/seo\/ -->\n<title>Privacy Policy | Dise\u00f1ador Grafico Freelance Las Palmas<\/title>\n<meta name=\"robots\" content=\"index, follow, max-snippet:-1, max-image-preview:large, max-video-preview:-1\" \/>\n<link rel=\"canonical\" href=\"https:\/\/giuseppetorrisi.es\/it\/privacy-policy\/\" \/>\n<meta property=\"og:locale\" content=\"it_IT\" \/>\n<meta property=\"og:type\" content=\"article\" \/>\n<meta property=\"og:title\" content=\"Privacy Policy | Dise\u00f1ador Grafico Freelance Las Palmas\" \/>\n<meta property=\"og:description\" content=\"Pol\u00edtica de privacidad de www.giuseppetorrisi.es Esta aplicaci\u00f3n recopila algunos datos personales de sus usuarios. Este documento se puede imprimir como referencia utilizando el comando de impresi\u00f3n en la configuraci\u00f3n de cualquier navegador. Propietario y controlador de datos Giuseppe Torrisi Calle Viera y Clavijo 11, piso 1, oficina 15, 35002, Las Palmas de Gran Canaria &#8211; [&hellip;]\" \/>\n<meta property=\"og:url\" content=\"https:\/\/giuseppetorrisi.es\/it\/privacy-policy\/\" \/>\n<meta property=\"og:site_name\" content=\"Dise\u00f1ador Grafico Freelance Las Palmas\" \/>\n<meta property=\"article:modified_time\" content=\"2023-06-21T09:42:37+00:00\" \/>\n<meta name=\"twitter:card\" content=\"summary_large_image\" \/>\n<meta name=\"twitter:label1\" content=\"Tempo di lettura stimato\" \/>\n\t<meta name=\"twitter:data1\" content=\"14 minuti\" \/>\n<script type=\"application\/ld+json\" class=\"yoast-schema-graph\">{\"@context\":\"https:\/\/schema.org\",\"@graph\":[{\"@type\":\"WebPage\",\"@id\":\"https:\/\/giuseppetorrisi.es\/privacy-policy\/\",\"url\":\"https:\/\/giuseppetorrisi.es\/privacy-policy\/\",\"name\":\"Privacy Policy | Dise\u00f1ador Grafico Freelance Las Palmas\",\"isPartOf\":{\"@id\":\"https:\/\/giuseppetorrisi.es\/#website\"},\"datePublished\":\"2023-05-26T08:26:41+00:00\",\"dateModified\":\"2023-06-21T09:42:37+00:00\",\"breadcrumb\":{\"@id\":\"https:\/\/giuseppetorrisi.es\/privacy-policy\/#breadcrumb\"},\"inLanguage\":\"it-IT\",\"potentialAction\":[{\"@type\":\"ReadAction\",\"target\":[\"https:\/\/giuseppetorrisi.es\/privacy-policy\/\"]}]},{\"@type\":\"BreadcrumbList\",\"@id\":\"https:\/\/giuseppetorrisi.es\/privacy-policy\/#breadcrumb\",\"itemListElement\":[{\"@type\":\"ListItem\",\"position\":1,\"name\":\"Home\",\"item\":\"https:\/\/giuseppetorrisi.es\/\"},{\"@type\":\"ListItem\",\"position\":2,\"name\":\"Privacy Policy\"}]},{\"@type\":\"WebSite\",\"@id\":\"https:\/\/giuseppetorrisi.es\/#website\",\"url\":\"https:\/\/giuseppetorrisi.es\/\",\"name\":\"Giuseppe Torrisi | Design Agency Las Palmas\",\"description\":\"Crea tu propio estilo!\",\"potentialAction\":[{\"@type\":\"SearchAction\",\"target\":{\"@type\":\"EntryPoint\",\"urlTemplate\":\"https:\/\/giuseppetorrisi.es\/?s={search_term_string}\"},\"query-input\":\"required name=search_term_string\"}],\"inLanguage\":\"it-IT\"}]}<\/script>\n<!-- \/ Yoast SEO plugin. -->","yoast_head_json":{"title":"Privacy Policy | Dise\u00f1ador Grafico Freelance Las Palmas","robots":{"index":"index","follow":"follow","max-snippet":"max-snippet:-1","max-image-preview":"max-image-preview:large","max-video-preview":"max-video-preview:-1"},"canonical":"https:\/\/giuseppetorrisi.es\/it\/privacy-policy\/","og_locale":"it_IT","og_type":"article","og_title":"Privacy Policy | Dise\u00f1ador Grafico Freelance Las Palmas","og_description":"Pol\u00edtica de privacidad de www.giuseppetorrisi.es Esta aplicaci\u00f3n recopila algunos datos personales de sus usuarios. Este documento se puede imprimir como referencia utilizando el comando de impresi\u00f3n en la configuraci\u00f3n de cualquier navegador. Propietario y controlador de datos Giuseppe Torrisi Calle Viera y Clavijo 11, piso 1, oficina 15, 35002, Las Palmas de Gran Canaria &#8211; [&hellip;]","og_url":"https:\/\/giuseppetorrisi.es\/it\/privacy-policy\/","og_site_name":"Dise\u00f1ador Grafico Freelance Las Palmas","article_modified_time":"2023-06-21T09:42:37+00:00","twitter_card":"summary_large_image","twitter_misc":{"Tempo di lettura stimato":"14 minuti"},"schema":{"@context":"https:\/\/schema.org","@graph":[{"@type":"WebPage","@id":"https:\/\/giuseppetorrisi.es\/privacy-policy\/","url":"https:\/\/giuseppetorrisi.es\/privacy-policy\/","name":"Privacy Policy | Dise\u00f1ador Grafico Freelance Las Palmas","isPartOf":{"@id":"https:\/\/giuseppetorrisi.es\/#website"},"datePublished":"2023-05-26T08:26:41+00:00","dateModified":"2023-06-21T09:42:37+00:00","breadcrumb":{"@id":"https:\/\/giuseppetorrisi.es\/privacy-policy\/#breadcrumb"},"inLanguage":"it-IT","potentialAction":[{"@type":"ReadAction","target":["https:\/\/giuseppetorrisi.es\/privacy-policy\/"]}]},{"@type":"BreadcrumbList","@id":"https:\/\/giuseppetorrisi.es\/privacy-policy\/#breadcrumb","itemListElement":[{"@type":"ListItem","position":1,"name":"Home","item":"https:\/\/giuseppetorrisi.es\/"},{"@type":"ListItem","position":2,"name":"Privacy Policy"}]},{"@type":"WebSite","@id":"https:\/\/giuseppetorrisi.es\/#website","url":"https:\/\/giuseppetorrisi.es\/","name":"Giuseppe Torrisi | Design Agency Las Palmas","description":"Crea tu propio estilo!","potentialAction":[{"@type":"SearchAction","target":{"@type":"EntryPoint","urlTemplate":"https:\/\/giuseppetorrisi.es\/?s={search_term_string}"},"query-input":"required name=search_term_string"}],"inLanguage":"it-IT"}]}},"_links":{"self":[{"href":"https:\/\/giuseppetorrisi.es\/it\/wp-json\/wp\/v2\/pages\/2074"}],"collection":[{"href":"https:\/\/giuseppetorrisi.es\/it\/wp-json\/wp\/v2\/pages"}],"about":[{"href":"https:\/\/giuseppetorrisi.es\/it\/wp-json\/wp\/v2\/types\/page"}],"author":[{"embeddable":true,"href":"https:\/\/giuseppetorrisi.es\/it\/wp-json\/wp\/v2\/users\/1"}],"replies":[{"embeddable":true,"href":"https:\/\/giuseppetorrisi.es\/it\/wp-json\/wp\/v2\/comments?post=2074"}],"version-history":[{"count":8,"href":"https:\/\/giuseppetorrisi.es\/it\/wp-json\/wp\/v2\/pages\/2074\/revisions"}],"predecessor-version":[{"id":2204,"href":"https:\/\/giuseppetorrisi.es\/it\/wp-json\/wp\/v2\/pages\/2074\/revisions\/2204"}],"wp:attachment":[{"href":"https:\/\/giuseppetorrisi.es\/it\/wp-json\/wp\/v2\/media?parent=2074"}],"curies":[{"name":"wp","href":"https:\/\/api.w.org\/{rel}","templated":true}]}}